{"id":6423,"date":"2018-02-15T05:47:50","date_gmt":"2018-02-15T05:47:50","guid":{"rendered":"https:\/\/consultix.radiantthemes.com\/demo-one\/?page_id=4881"},"modified":"2026-03-16T11:27:39","modified_gmt":"2026-03-16T11:27:39","slug":"who-we-are","status":"publish","type":"page","link":"https:\/\/lpaspain.com\/es\/who-we-are\/","title":{"rendered":"Qui\u00e9nes Somos"},"content":{"rendered":"<div data-elementor-type=\"wp-page\" data-elementor-id=\"6423\" class=\"elementor elementor-6423\" data-elementor-post-type=\"page\">\n\t\t\t\t<div class=\"elementor-element elementor-element-44e36dd e-flex e-con-boxed e-con e-parent\" data-id=\"44e36dd\" data-element_type=\"container\" data-e-type=\"container\" data-settings=\"{&quot;background_background&quot;:&quot;classic&quot;}\">\n\t\t\t\t\t<div class=\"e-con-inner\">\n\t\t\t\t\t<\/div>\n\t\t\t\t<\/div>\n\t\t<div class=\"elementor-element elementor-element-a0b9ac5 e-flex e-con-boxed e-con e-parent\" data-id=\"a0b9ac5\" data-element_type=\"container\" data-e-type=\"container\">\n\t\t\t\t\t<div class=\"e-con-inner\">\n\t\t\t\t<div class=\"elementor-element elementor-element-f4bff31 elementor-widget elementor-widget-heading\" data-id=\"f4bff31\" data-element_type=\"widget\" data-e-type=\"widget\" data-widget_type=\"heading.default\">\n\t\t\t\t\t<h2 class=\"elementor-heading-title elementor-size-default\">Sobre la LPA<\/h2>\t\t\t\t<\/div>\n\t\t\t\t<div class=\"elementor-element elementor-element-16244ed elementor-widget-divider--view-line elementor-widget elementor-widget-divider\" data-id=\"16244ed\" data-element_type=\"widget\" data-e-type=\"widget\" data-widget_type=\"divider.default\">\n\t\t\t\t\t\t\t<div class=\"elementor-divider\">\n\t\t\t<span class=\"elementor-divider-separator\">\n\t\t\t\t\t\t<\/span>\n\t\t<\/div>\n\t\t\t\t\t\t<\/div>\n\t\t\t\t<div class=\"elementor-element elementor-element-ea840ea elementor-widget elementor-widget-text-editor\" data-id=\"ea840ea\" data-element_type=\"widget\" data-e-type=\"widget\" data-widget_type=\"text-editor.default\">\n\t\t\t\t\t\t\t\t\t<p>LPA \u2013 Leading Property Agents of Spain \u2013 es una asociaci\u00f3n de respetados agentes inmobiliarios formada en Marbella en 2020 para promover los m\u00e1s altos est\u00e1ndares de pr\u00e1cticas en el sector inmobiliario de la Costa del Sol.<\/p><p>La iniciativa fue emprendida por 11 miembros fundadores bajo el liderazgo de Jos\u00e9 Carlos Le\u00f3n, fundador y CEO de Nvoga Marbella Realty, quien fue la fuerza impulsora inicial del proyecto.\nActualmente, el presidente de LPA es \u00c1lvaro Botella, quien est\u00e1 liderando la expansi\u00f3n de la organizaci\u00f3n y consolidando su presencia en el sector inmobiliario.<\/p><p>Desde su fundaci\u00f3n, LPA ha crecido tanto en membres\u00edas como en reputaci\u00f3n, agregando peso a su objetivo declarado de fomentar un sector inmobiliario transparente, cooperativo, profesional y orientado al servicio al cliente en este importante mercado regional.<\/p><p>Para lograrlo, aplicamos las \u00faltima tecnolog\u00edas, herramientas y conocimiento junto con los valores tradicionales de servicio, \u00e9tica y atenci\u00f3n personalizada.<\/p><p>Reflejando la naturaleza cosmopolita de la Costa del Sol, LPA es una organizaci\u00f3n de enfoque internacional que est\u00e1 firmemente arraigada en el \u00e1rea que se extiende desde Sotogrande y San Roque en el oeste hasta M\u00e1laga en el este, con Marbella en el centro.<\/p>\t\t\t\t\t\t\t\t<\/div>\n\t\t\t\t<div class=\"elementor-element elementor-element-89ec655 elementor-widget elementor-widget-video\" data-id=\"89ec655\" data-element_type=\"widget\" data-e-type=\"widget\" data-settings=\"{&quot;youtube_url&quot;:&quot;https:\\\/\\\/www.youtube.com\\\/watch?v=IkTT_nUiME8&quot;,&quot;video_type&quot;:&quot;youtube&quot;,&quot;controls&quot;:&quot;yes&quot;}\" data-widget_type=\"video.default\">\n\t\t\t\t\t\t\t<div class=\"elementor-wrapper elementor-open-inline\">\n\t\t\t<div class=\"elementor-video\"><\/div>\t\t<\/div>\n\t\t\t\t\t\t<\/div>\n\t\t\t\t\t<\/div>\n\t\t\t\t<\/div>\n\t\t<div class=\"elementor-element elementor-element-3acd758 e-flex e-con-boxed e-con e-parent\" data-id=\"3acd758\" data-element_type=\"container\" data-e-type=\"container\" data-settings=\"{&quot;background_background&quot;:&quot;classic&quot;}\">\n\t\t\t\t\t<div class=\"e-con-inner\">\n\t\t\t\t<div class=\"elementor-element elementor-element-d1792ac elementor-widget__width-initial elementor-widget-mobile__width-auto elementor-widget elementor-widget-counter\" data-id=\"d1792ac\" data-element_type=\"widget\" data-e-type=\"widget\" data-widget_type=\"counter.default\">\n\t\t\t\t\t\t\t<div class=\"elementor-counter\">\n\t\t\t<p class=\"elementor-counter-title\">A\u00f1os de Experiencia<\/p>\t\t\t<div class=\"elementor-counter-number-wrapper\">\n\t\t\t\t<span class=\"elementor-counter-number-prefix\"><\/span>\n\t\t\t\t<span class=\"elementor-counter-number\" data-duration=\"2000\" data-to-value=\"100\" data-from-value=\"0\">0<\/span>\n\t\t\t\t<span class=\"elementor-counter-number-suffix\"><\/span>\n\t\t\t<\/div>\n\t\t<\/div>\n\t\t\t\t\t\t<\/div>\n\t\t\t\t<div class=\"elementor-element elementor-element-e862342 elementor-widget__width-initial elementor-widget-mobile__width-auto elementor-widget elementor-widget-counter\" data-id=\"e862342\" data-element_type=\"widget\" data-e-type=\"widget\" data-widget_type=\"counter.default\">\n\t\t\t\t\t\t\t<div class=\"elementor-counter\">\n\t\t\t<p class=\"elementor-counter-title translation-block\">Miembros<br>\nIncorporados<\/p>\t\t\t<div class=\"elementor-counter-number-wrapper\">\n\t\t\t\t<span class=\"elementor-counter-number-prefix\"><\/span>\n\t\t\t\t<span class=\"elementor-counter-number\" data-duration=\"2000\" data-to-value=\"106\" data-from-value=\"0\">0<\/span>\n\t\t\t\t<span class=\"elementor-counter-number-suffix\"><\/span>\n\t\t\t<\/div>\n\t\t<\/div>\n\t\t\t\t\t\t<\/div>\n\t\t\t\t<div class=\"elementor-element elementor-element-4c246c6 elementor-widget__width-initial elementor-widget-mobile__width-auto elementor-widget elementor-widget-counter\" data-id=\"4c246c6\" data-element_type=\"widget\" data-e-type=\"widget\" data-widget_type=\"counter.default\">\n\t\t\t\t\t\t\t<div class=\"elementor-counter\">\n\t\t\t<p class=\"elementor-counter-title\">Real Estate Professionals<\/p>\t\t\t<div class=\"elementor-counter-number-wrapper\">\n\t\t\t\t<span class=\"elementor-counter-number-prefix\"><\/span>\n\t\t\t\t<span class=\"elementor-counter-number\" data-duration=\"2000\" data-to-value=\"700\" data-from-value=\"0\">0<\/span>\n\t\t\t\t<span class=\"elementor-counter-number-suffix\"><\/span>\n\t\t\t<\/div>\n\t\t<\/div>\n\t\t\t\t\t\t<\/div>\n\t\t\t\t\t<\/div>\n\t\t\t\t<\/div>\n\t\t<div class=\"elementor-element elementor-element-2d790fd e-flex e-con-boxed e-con e-parent\" data-id=\"2d790fd\" data-element_type=\"container\" data-e-type=\"container\" data-settings=\"{&quot;background_background&quot;:&quot;classic&quot;}\">\n\t\t\t\t\t<div class=\"e-con-inner\">\n\t\t<div class=\"elementor-element elementor-element-79288ee e-con-full e-flex e-con e-child\" data-id=\"79288ee\" data-element_type=\"container\" data-e-type=\"container\" data-settings=\"{&quot;background_background&quot;:&quot;classic&quot;}\">\n\t\t\t\t<div class=\"elementor-element elementor-element-3988e21 elementor-widget elementor-widget-heading\" data-id=\"3988e21\" data-element_type=\"widget\" data-e-type=\"widget\" data-widget_type=\"heading.default\">\n\t\t\t\t\t<h3 class=\"elementor-heading-title elementor-size-default\">Qui\u00e9nes Somos<\/h3>\t\t\t\t<\/div>\n\t\t\t\t<div class=\"elementor-element elementor-element-b9a8337 elementor-widget elementor-widget-text-editor\" data-id=\"b9a8337\" data-element_type=\"widget\" data-e-type=\"widget\" data-widget_type=\"text-editor.default\">\n\t\t\t\t\t\t\t\t\t<p>Una organizaci\u00f3n que re\u00fane a las principales empresas y profesionales inmobiliarios de la Costa del Sol, garantizando los m\u00e1s altos est\u00e1ndares de servicio, conocimiento y \u00e9tica empresarial.<\/p>\t\t\t\t\t\t\t\t<\/div>\n\t\t\t\t<\/div>\n\t\t<div class=\"elementor-element elementor-element-4c7e663 e-con-full e-flex e-con e-child\" data-id=\"4c7e663\" data-element_type=\"container\" data-e-type=\"container\" data-settings=\"{&quot;background_background&quot;:&quot;classic&quot;}\">\n\t\t\t\t<div class=\"elementor-element elementor-element-aa69ec6 elementor-widget elementor-widget-heading\" data-id=\"aa69ec6\" data-element_type=\"widget\" data-e-type=\"widget\" data-widget_type=\"heading.default\">\n\t\t\t\t\t<h3 class=\"elementor-heading-title elementor-size-default\">Nuestra Misi\u00f3n<\/h3>\t\t\t\t<\/div>\n\t\t\t\t<div class=\"elementor-element elementor-element-2bfebb9 elementor-widget elementor-widget-text-editor\" data-id=\"2bfebb9\" data-element_type=\"widget\" data-e-type=\"widget\" data-widget_type=\"text-editor.default\">\n\t\t\t\t\t\t\t\t\t<p>Proporcionar a los compradores de viviendas e inversores en la Costa del Sol un punto de referencia \u00fanico para la calidad del servicio y los m\u00e1s altos niveles de experiencia.<\/p>\t\t\t\t\t\t\t\t<\/div>\n\t\t\t\t<\/div>\n\t\t<div class=\"elementor-element elementor-element-9f249ea e-con-full e-flex e-con e-child\" data-id=\"9f249ea\" data-element_type=\"container\" data-e-type=\"container\" data-settings=\"{&quot;background_background&quot;:&quot;classic&quot;}\">\n\t\t\t\t<div class=\"elementor-element elementor-element-87e9b7f elementor-widget elementor-widget-heading\" data-id=\"87e9b7f\" data-element_type=\"widget\" data-e-type=\"widget\" data-widget_type=\"heading.default\">\n\t\t\t\t\t<h3 class=\"elementor-heading-title elementor-size-default\">Nuestra Visi\u00f3n<\/h3>\t\t\t\t<\/div>\n\t\t\t\t<div class=\"elementor-element elementor-element-0a9e822 elementor-widget elementor-widget-text-editor\" data-id=\"0a9e822\" data-element_type=\"widget\" data-e-type=\"widget\" data-widget_type=\"text-editor.default\">\n\t\t\t\t\t\t\t\t\t<p>Nuestro objetivo es elevar el nivel de servicio profesional, conocimiento t\u00e9cnico y pr\u00e1ctica operativa dentro del sector inmobiliario de la Costa del Sol.<\/p>\t\t\t\t\t\t\t\t<\/div>\n\t\t\t\t<\/div>\n\t\t\t\t\t<\/div>\n\t\t\t\t<\/div>\n\t\t<div class=\"elementor-element elementor-element-f2e23bd e-flex e-con-boxed e-con e-parent\" data-id=\"f2e23bd\" data-element_type=\"container\" data-e-type=\"container\">\n\t\t\t\t\t<div class=\"e-con-inner\">\n\t\t<div class=\"elementor-element elementor-element-95243b0 e-con-full e-flex e-con e-child\" data-id=\"95243b0\" data-element_type=\"container\" data-e-type=\"container\">\n\t\t\t\t<div class=\"elementor-element elementor-element-8fe2c7d elementor-widget__width-initial elementor-widget elementor-widget-heading\" data-id=\"8fe2c7d\" data-element_type=\"widget\" data-e-type=\"widget\" data-widget_type=\"heading.default\">\n\t\t\t\t\t<h2 class=\"elementor-heading-title elementor-size-default\">Reuniendo lo mejor de la industria<\/h2>\t\t\t\t<\/div>\n\t\t\t\t<div class=\"elementor-element elementor-element-671d141 elementor-widget elementor-widget-text-editor\" data-id=\"671d141\" data-element_type=\"widget\" data-e-type=\"widget\" data-widget_type=\"text-editor.default\">\n\t\t\t\t\t\t\t\t\t<p>LPA re\u00fane no solo a los mejores agentes inmobiliarios en la zona, sino tambi\u00e9n a arquitectos, paisajistas, dise\u00f1adores, abogados, contables, asesores fiscales, top\u00f3grafos, constructores, gerentes de proyectos, ingenieros y todos los dem\u00e1s profesionales que contribuyen a un pujante sector de la vivienda.<\/p><p>En el caso de la Costa del Sol, se trata tambi\u00e9n de los sectores del turismo y hosteler\u00eda, que se fusionan en una industria altamente especializada de la que LPA es la vanguardia, \u00a1junto con su sello de calidad!<\/p>\t\t\t\t\t\t\t\t<\/div>\n\t\t\t\t<div class=\"elementor-element elementor-element-0e2bd02 elementor-widget elementor-widget-text-editor\" data-id=\"0e2bd02\" data-element_type=\"widget\" data-e-type=\"widget\" data-widget_type=\"text-editor.default\">\n\t\t\t\t\t\t\t\t\t<p>Ha llegado el momento de unirnos y trabajar juntos para llevar nuestro sector inmobiliario hasta un alto nivel de excelencia.<\/p>\t\t\t\t\t\t\t\t<\/div>\n\t\t\t\t<div class=\"elementor-element elementor-element-c121270 elementor-widget__width-initial elementor-widget elementor-widget-heading\" data-id=\"c121270\" data-element_type=\"widget\" data-e-type=\"widget\" data-widget_type=\"heading.default\">\n\t\t\t\t\t<h3 class=\"elementor-heading-title elementor-size-default\">Alvaro Botella \u2013 Presidente de la LPA<\/h3>\t\t\t\t<\/div>\n\t\t\t\t<\/div>\n\t\t<div class=\"elementor-element elementor-element-e793e5a e-con-full e-flex e-con e-child\" data-id=\"e793e5a\" data-element_type=\"container\" data-e-type=\"container\">\n\t\t\t\t<div class=\"elementor-element elementor-element-0f2d7bc elementor-widget elementor-widget-image\" data-id=\"0f2d7bc\" data-element_type=\"widget\" data-e-type=\"widget\" data-widget_type=\"image.default\">\n\t\t\t\t\t\t\t\t\t\t\t\t\t\t\t<img fetchpriority=\"high\" decoding=\"async\" width=\"800\" height=\"888\" src=\"https:\/\/lpaspain.com\/wp-content\/uploads\/2025\/02\/LPA-PRESIDENT-923x1024.webp\" class=\"attachment-large size-large wp-image-8420\" alt=\"\" srcset=\"https:\/\/lpaspain.com\/wp-content\/uploads\/2025\/02\/LPA-PRESIDENT-923x1024.webp 923w, https:\/\/lpaspain.com\/wp-content\/uploads\/2025\/02\/LPA-PRESIDENT-271x300.webp 271w, https:\/\/lpaspain.com\/wp-content\/uploads\/2025\/02\/LPA-PRESIDENT-768x852.webp 768w, https:\/\/lpaspain.com\/wp-content\/uploads\/2025\/02\/LPA-PRESIDENT-11x12.webp 11w, https:\/\/lpaspain.com\/wp-content\/uploads\/2025\/02\/LPA-PRESIDENT.webp 974w\" sizes=\"(max-width: 800px) 100vw, 800px\" \/>\t\t\t\t\t\t\t\t\t\t\t\t\t\t\t<\/div>\n\t\t\t\t<\/div>\n\t\t\t\t\t<\/div>\n\t\t\t\t<\/div>\n\t\t<div class=\"elementor-element elementor-element-4fde729 e-flex e-con-boxed e-con e-parent\" data-id=\"4fde729\" data-element_type=\"container\" data-e-type=\"container\">\n\t\t\t\t\t<div class=\"e-con-inner\">\n\t\t<div class=\"elementor-element elementor-element-71a39fa e-con-full e-flex e-con e-child\" data-id=\"71a39fa\" data-element_type=\"container\" data-e-type=\"container\">\n\t\t\t\t<div class=\"elementor-element elementor-element-15c4325 elementor-widget__width-initial elementor-widget elementor-widget-heading\" data-id=\"15c4325\" data-element_type=\"widget\" data-e-type=\"widget\" data-widget_type=\"heading.default\">\n\t\t\t\t\t<h2 class=\"elementor-heading-title elementor-size-default\">Un hito hist\u00f3rico para Marbella y la Costa del Sol\n<\/h2>\t\t\t\t<\/div>\n\t\t\t\t<div class=\"elementor-element elementor-element-11275ae elementor-widget elementor-widget-text-editor\" data-id=\"11275ae\" data-element_type=\"widget\" data-e-type=\"widget\" data-widget_type=\"text-editor.default\">\n\t\t\t\t\t\t\t\t\t<p>La fundaci\u00f3n de LPA, los Agentes Inmobiliarios L\u00edderes en Espa\u00f1a, representa un hito hist\u00f3rico para Marbella. La profesi\u00f3n de agente inmobiliario no ha tenido controles ni requisitos de habilitaci\u00f3n profesional en Andaluc\u00eda, lo que se traduce en una desprotecci\u00f3n para compradores y vendedores de inmuebles. La LPA es la primera organizaci\u00f3n de este tipo con sede en Marbella y formada por organismos de contrastada solvencia, experiencia, integridad y profesionalidad, compartiendo un c\u00f3digo de \u00e9tica profesional para mejorar la propia profesi\u00f3n en este \u00e1mbito. Es un honor para m\u00ed y para mi empresa ser miembro fundador de esta importante asociaci\u00f3n profesional.<\/p>\t\t\t\t\t\t\t\t<\/div>\n\t\t\t\t<div class=\"elementor-element elementor-element-dde9e42 elementor-widget__width-initial elementor-widget elementor-widget-heading\" data-id=\"dde9e42\" data-element_type=\"widget\" data-e-type=\"widget\" data-widget_type=\"heading.default\">\n\t\t\t\t\t<h3 class=\"elementor-heading-title elementor-size-default\">Christopher Clover \u2013 Presidente Honor\u00edfico de la LPA<\/h3>\t\t\t\t<\/div>\n\t\t\t\t<\/div>\n\t\t<div class=\"elementor-element elementor-element-8272ab5 e-con-full e-flex e-con e-child\" data-id=\"8272ab5\" data-element_type=\"container\" data-e-type=\"container\">\n\t\t\t\t<div class=\"elementor-element elementor-element-e87ad27 elementor-widget elementor-widget-image\" data-id=\"e87ad27\" data-element_type=\"widget\" data-e-type=\"widget\" data-widget_type=\"image.default\">\n\t\t\t\t\t\t\t\t\t\t\t\t\t\t\t<img decoding=\"async\" width=\"800\" height=\"888\" src=\"https:\/\/lpaspain.com\/wp-content\/uploads\/2025\/02\/LPA-PRESIDENT-2-923x1024.webp\" class=\"attachment-large size-large wp-image-8423\" alt=\"\" srcset=\"https:\/\/lpaspain.com\/wp-content\/uploads\/2025\/02\/LPA-PRESIDENT-2-923x1024.webp 923w, https:\/\/lpaspain.com\/wp-content\/uploads\/2025\/02\/LPA-PRESIDENT-2-271x300.webp 271w, https:\/\/lpaspain.com\/wp-content\/uploads\/2025\/02\/LPA-PRESIDENT-2-768x852.webp 768w, https:\/\/lpaspain.com\/wp-content\/uploads\/2025\/02\/LPA-PRESIDENT-2-11x12.webp 11w, https:\/\/lpaspain.com\/wp-content\/uploads\/2025\/02\/LPA-PRESIDENT-2.webp 974w\" sizes=\"(max-width: 800px) 100vw, 800px\" \/>\t\t\t\t\t\t\t\t\t\t\t\t\t\t\t<\/div>\n\t\t\t\t<\/div>\n\t\t\t\t\t<\/div>\n\t\t\t\t<\/div>\n\t\t\t\t<\/div>","protected":false},"excerpt":{"rendered":"<p>About LPA The LPA \u2013 Leading Property Agents of Spain \u2013 is an association of respected property agents that was formed in Marbella in 2020 to promote the highest standards of practice in the Costa del Sol real estate sector. The initiative was undertaken by 11 founding members under the leadership of Jos\u00e9 Carlos Le\u00f3n, [&hellip;]<\/p>\n","protected":false},"author":4,"featured_media":0,"parent":0,"menu_order":0,"comment_status":"closed","ping_status":"closed","template":"elementor_header_footer","meta":{"_acf_changed":false,"footnotes":""},"categories":[],"tags":[],"class_list":["post-6423","page","type-page","status-publish","hentry"],"acf":[],"_links":{"self":[{"href":"https:\/\/lpaspain.com\/es\/wp-json\/wp\/v2\/pages\/6423","targetHints":{"allow":["GET"]}}],"collection":[{"href":"https:\/\/lpaspain.com\/es\/wp-json\/wp\/v2\/pages"}],"about":[{"href":"https:\/\/lpaspain.com\/es\/wp-json\/wp\/v2\/types\/page"}],"author":[{"embeddable":true,"href":"https:\/\/lpaspain.com\/es\/wp-json\/wp\/v2\/users\/4"}],"replies":[{"embeddable":true,"href":"https:\/\/lpaspain.com\/es\/wp-json\/wp\/v2\/comments?post=6423"}],"version-history":[{"count":116,"href":"https:\/\/lpaspain.com\/es\/wp-json\/wp\/v2\/pages\/6423\/revisions"}],"predecessor-version":[{"id":10920,"href":"https:\/\/lpaspain.com\/es\/wp-json\/wp\/v2\/pages\/6423\/revisions\/10920"}],"wp:attachment":[{"href":"https:\/\/lpaspain.com\/es\/wp-json\/wp\/v2\/media?parent=6423"}],"wp:term":[{"taxonomy":"category","embeddable":true,"href":"https:\/\/lpaspain.com\/es\/wp-json\/wp\/v2\/categories?post=6423"},{"taxonomy":"post_tag","embeddable":true,"href":"https:\/\/lpaspain.com\/es\/wp-json\/wp\/v2\/tags?post=6423"}],"curies":[{"name":"wp","href":"https:\/\/api.w.org\/{rel}","templated":true}]}}